

{"id":34,"date":"2023-01-15T15:30:29","date_gmt":"2023-01-15T15:30:29","guid":{"rendered":"https:\/\/bewusstes-sein.me\/?page_id=34"},"modified":"2025-11-12T15:31:04","modified_gmt":"2025-11-12T15:31:04","slug":"bewusstes-sein","status":"publish","type":"page","link":"https:\/\/bewusstes-sein.me\/","title":{"rendered":"Startseite"},"content":{"rendered":"\n<div class=\"wp-block-group has-neve-text-color-background-color has-background is-vertical is-content-justification-center is-layout-flex wp-container-core-group-is-layout-4b2eccd6 wp-block-group-is-layout-flex\">\n<div style=\"height:0px\" aria-hidden=\"true\" class=\"wp-block-spacer wp-container-content-28f0cd9b\"><\/div>\n\n\n\n<figure class=\"wp-block-image size-large\"><img loading=\"lazy\" decoding=\"async\" width=\"1024\" height=\"703\" src=\"https:\/\/bewusstes-sein.me\/wp-content\/uploads\/2023\/03\/Strasse_rev7-1024x703.jpg\" alt=\"\" class=\"wp-image-377\" srcset=\"https:\/\/bewusstes-sein.me\/wp-content\/uploads\/2023\/03\/Strasse_rev7-1024x703.jpg 1024w, https:\/\/bewusstes-sein.me\/wp-content\/uploads\/2023\/03\/Strasse_rev7-300x206.jpg 300w, https:\/\/bewusstes-sein.me\/wp-content\/uploads\/2023\/03\/Strasse_rev7-768x527.jpg 768w, https:\/\/bewusstes-sein.me\/wp-content\/uploads\/2023\/03\/Strasse_rev7.jpg 1280w\" sizes=\"auto, (max-width: 1024px) 100vw, 1024px\" \/><\/figure>\n\n\n\n<div style=\"height:0px\" aria-hidden=\"true\" class=\"wp-block-spacer wp-container-content-28f0cd9b\"><\/div>\n<\/div>\n\n\n\n<div style=\"height:40px\" aria-hidden=\"true\" class=\"wp-block-spacer\"><\/div>\n\n\n\n<div style=\"height:25px\" aria-hidden=\"true\" class=\"wp-block-spacer\"><\/div>\n\n\n\n<h2 class=\"wp-block-heading\" id=\"Angebote\">Unsere Angebote<\/h2>\n\n\n\n<div class=\"wp-block-columns are-vertically-aligned-top is-layout-flex wp-container-core-columns-is-layout-9d6595d7 wp-block-columns-is-layout-flex\">\n<div class=\"wp-block-column is-vertically-aligned-top has-small-font-size is-layout-flow wp-block-column-is-layout-flow\" style=\"flex-basis:70%\">\n<figure class=\"wp-block-image size-full\"><img loading=\"lazy\" decoding=\"async\" width=\"1024\" height=\"700\" src=\"https:\/\/bewusstes-sein.me\/wp-content\/uploads\/2023\/02\/Feder_1024.jpg\" alt=\"\" class=\"wp-image-65\" srcset=\"https:\/\/bewusstes-sein.me\/wp-content\/uploads\/2023\/02\/Feder_1024.jpg 1024w, https:\/\/bewusstes-sein.me\/wp-content\/uploads\/2023\/02\/Feder_1024-300x205.jpg 300w, https:\/\/bewusstes-sein.me\/wp-content\/uploads\/2023\/02\/Feder_1024-768x525.jpg 768w\" sizes=\"auto, (max-width: 1024px) 100vw, 1024px\" \/><\/figure>\n<\/div>\n\n\n\n<div class=\"wp-block-column is-vertically-aligned-top has-small-font-size is-layout-flow wp-block-column-is-layout-flow\" style=\"flex-basis:50%\">\n<div style=\"height:20px\" aria-hidden=\"true\" class=\"wp-block-spacer\"><\/div>\n\n\n\n<p id=\"Tag\" style=\"font-size:26px\">Tag f\u00fcr die Seele \u2013 <br>Atem, Stille, Kontemplation<\/p>\n\n\n\n<p class=\"has-medium-font-size\">&#8222;Die gr\u00f6\u00dfte Offenbarung ist die Stille.&#8220; <br>(Laotse)<\/p>\n\n\n\n<div style=\"height:20px\" aria-hidden=\"true\" class=\"wp-block-spacer\"><\/div>\n\n\n\n<div class=\"wp-block-buttons is-layout-flex wp-block-buttons-is-layout-flex\">\n<div class=\"wp-block-button is-style-default\"><a class=\"wp-block-button__link has-neve-text-color-background-color has-background wp-element-button\" href=\"https:\/\/bewusstes-sein.me\/?page_id=187\" style=\"border-radius:31px\">Details<\/a><\/div>\n<\/div>\n<\/div>\n<\/div>\n\n\n\n<div class=\"wp-block-columns are-vertically-aligned-top is-layout-flex wp-container-core-columns-is-layout-9d6595d7 wp-block-columns-is-layout-flex\">\n<div class=\"wp-block-column is-vertically-aligned-top has-small-font-size is-layout-flow wp-block-column-is-layout-flow\" style=\"flex-basis:70%\">\n<figure class=\"wp-block-image size-full\"><img loading=\"lazy\" decoding=\"async\" width=\"1024\" height=\"700\" src=\"https:\/\/bewusstes-sein.me\/wp-content\/uploads\/2023\/02\/Schwanger_1024.jpg\" alt=\"\" class=\"wp-image-74\" srcset=\"https:\/\/bewusstes-sein.me\/wp-content\/uploads\/2023\/02\/Schwanger_1024.jpg 1024w, https:\/\/bewusstes-sein.me\/wp-content\/uploads\/2023\/02\/Schwanger_1024-300x205.jpg 300w, https:\/\/bewusstes-sein.me\/wp-content\/uploads\/2023\/02\/Schwanger_1024-768x525.jpg 768w\" sizes=\"auto, (max-width: 1024px) 100vw, 1024px\" \/><\/figure>\n<\/div>\n\n\n\n<div class=\"wp-block-column is-vertically-aligned-top has-small-font-size is-layout-flow wp-block-column-is-layout-flow\" style=\"flex-basis:50%\">\n<div style=\"height:20px\" aria-hidden=\"true\" class=\"wp-block-spacer\"><\/div>\n\n\n\n<p class=\"has-text-align-right\" id=\"Nikodemus\" style=\"font-size:26px\">Nikodemus-Seminar \u2013 <br>eine Reise zum Anfang deines Lebens<\/p>\n\n\n\n<p class=\"has-text-align-right has-medium-font-size\">&#8222;Deine leibliche Geburt ist nicht alles. &#8230; Deine ewige Geburt musst du erfahren. Deine Geburt aus Gott. Dein wahres Leben.&#8220; <br>(Willigis J\u00e4ger)<\/p>\n\n\n\n<div style=\"height:20px\" aria-hidden=\"true\" class=\"wp-block-spacer\"><\/div>\n\n\n\n<div class=\"wp-block-buttons is-content-justification-right is-layout-flex wp-container-core-buttons-is-layout-765c4724 wp-block-buttons-is-layout-flex\">\n<div class=\"wp-block-button is-style-default\"><a class=\"wp-block-button__link has-neve-text-color-background-color has-background wp-element-button\" href=\"https:\/\/bewusstes-sein.me\/?page_id=189\" style=\"border-radius:31px\">Details<\/a><\/div>\n<\/div>\n<\/div>\n<\/div>\n\n\n\n<div class=\"wp-block-columns are-vertically-aligned-top is-layout-flex wp-container-core-columns-is-layout-9d6595d7 wp-block-columns-is-layout-flex\">\n<div class=\"wp-block-column is-vertically-aligned-top has-small-font-size is-layout-flow wp-block-column-is-layout-flow\" style=\"flex-basis:70%\">\n<figure class=\"wp-block-image size-full\"><img loading=\"lazy\" decoding=\"async\" width=\"1024\" height=\"700\" src=\"https:\/\/bewusstes-sein.me\/wp-content\/uploads\/2023\/02\/Netz_1024.jpg\" alt=\"\" class=\"wp-image-77\" srcset=\"https:\/\/bewusstes-sein.me\/wp-content\/uploads\/2023\/02\/Netz_1024.jpg 1024w, https:\/\/bewusstes-sein.me\/wp-content\/uploads\/2023\/02\/Netz_1024-300x205.jpg 300w, https:\/\/bewusstes-sein.me\/wp-content\/uploads\/2023\/02\/Netz_1024-768x525.jpg 768w\" sizes=\"auto, (max-width: 1024px) 100vw, 1024px\" \/><\/figure>\n<\/div>\n\n\n\n<div class=\"wp-block-column is-vertically-aligned-top has-small-font-size is-layout-flow wp-block-column-is-layout-flow\" style=\"flex-basis:50%\">\n<div style=\"height:20px\" aria-hidden=\"true\" class=\"wp-block-spacer\"><\/div>\n\n\n\n<p class=\"has-text-align-left\" id=\"Aufstellung\" style=\"font-size:26px\">Systemische Aufstellungen \u2013 <br>Lebensblockaden erkennen und aufl\u00f6sen<\/p>\n\n\n\n<p class=\"has-text-align-left has-medium-font-size\">&#8222;Deine Aufgabe ist es nicht, die Liebe zu suchen, sondern nur alle Barrieren in dir selbst zu suchen und zu finden, die du gegen sie errichtet hast.&#8220; <br>(Rumi)<\/p>\n\n\n\n<div style=\"height:20px\" aria-hidden=\"true\" class=\"wp-block-spacer\"><\/div>\n\n\n\n<div class=\"wp-block-buttons is-content-justification-left is-layout-flex wp-container-core-buttons-is-layout-fdcfc74e wp-block-buttons-is-layout-flex\">\n<div class=\"wp-block-button is-style-default\"><a class=\"wp-block-button__link has-neve-text-color-background-color has-background wp-element-button\" href=\"https:\/\/bewusstes-sein.me\/?page_id=191\" style=\"border-radius:31px\">Details<\/a><\/div>\n<\/div>\n<\/div>\n<\/div>\n\n\n\n<div class=\"wp-block-columns are-vertically-aligned-top is-layout-flex wp-container-core-columns-is-layout-9d6595d7 wp-block-columns-is-layout-flex\">\n<div class=\"wp-block-column is-vertically-aligned-top has-small-font-size is-layout-flow wp-block-column-is-layout-flow\" style=\"flex-basis:70%\">\n<figure class=\"wp-block-image size-full\"><img loading=\"lazy\" decoding=\"async\" width=\"1024\" height=\"700\" src=\"https:\/\/bewusstes-sein.me\/wp-content\/uploads\/2023\/02\/Traumfaenger_1024.jpg\" alt=\"\" class=\"wp-image-78\" srcset=\"https:\/\/bewusstes-sein.me\/wp-content\/uploads\/2023\/02\/Traumfaenger_1024.jpg 1024w, https:\/\/bewusstes-sein.me\/wp-content\/uploads\/2023\/02\/Traumfaenger_1024-300x205.jpg 300w, https:\/\/bewusstes-sein.me\/wp-content\/uploads\/2023\/02\/Traumfaenger_1024-768x525.jpg 768w\" sizes=\"auto, (max-width: 1024px) 100vw, 1024px\" \/><\/figure>\n<\/div>\n\n\n\n<div class=\"wp-block-column is-vertically-aligned-top has-small-font-size is-layout-flow wp-block-column-is-layout-flow\" style=\"flex-basis:50%\">\n<div style=\"height:20px\" aria-hidden=\"true\" class=\"wp-block-spacer\"><\/div>\n\n\n\n<p class=\"has-text-align-right\" id=\"Traeume\" style=\"font-size:26px\">Tr\u00e4ume \u2013<br>Bildersprache der Seele<\/p>\n\n\n\n<p class=\"has-text-align-right has-medium-font-size\">&#8222;Ich wei\u00df aus unleugbarer Erfahrung, da\u00df Tr\u00e4ume zu Selbsterkenntnis<br>f\u00fchren.&#8220;<br>(Georg Christoph Lichtenberg)<\/p>\n\n\n\n<div style=\"height:20px\" aria-hidden=\"true\" class=\"wp-block-spacer\"><\/div>\n\n\n\n<div class=\"wp-block-buttons is-content-justification-right is-layout-flex wp-container-core-buttons-is-layout-765c4724 wp-block-buttons-is-layout-flex\">\n<div class=\"wp-block-button is-style-default\"><a class=\"wp-block-button__link has-neve-text-color-background-color has-background wp-element-button\" href=\"https:\/\/bewusstes-sein.me\/?page_id=193\" style=\"border-radius:31px\">Details<\/a><\/div>\n<\/div>\n<\/div>\n<\/div>\n\n\n\n<div class=\"wp-block-columns are-vertically-aligned-top is-layout-flex wp-container-core-columns-is-layout-9d6595d7 wp-block-columns-is-layout-flex\">\n<div class=\"wp-block-column is-vertically-aligned-top has-small-font-size is-layout-flow wp-block-column-is-layout-flow\" style=\"flex-basis:70%\">\n<figure class=\"wp-block-image size-full\"><img loading=\"lazy\" decoding=\"async\" width=\"2121\" height=\"1414\" src=\"https:\/\/bewusstes-sein.me\/wp-content\/uploads\/2023\/11\/Geistliche_Begleitung.jpg\" alt=\"\" class=\"wp-image-447\" srcset=\"https:\/\/bewusstes-sein.me\/wp-content\/uploads\/2023\/11\/Geistliche_Begleitung.jpg 2121w, https:\/\/bewusstes-sein.me\/wp-content\/uploads\/2023\/11\/Geistliche_Begleitung-300x200.jpg 300w, https:\/\/bewusstes-sein.me\/wp-content\/uploads\/2023\/11\/Geistliche_Begleitung-1024x683.jpg 1024w, https:\/\/bewusstes-sein.me\/wp-content\/uploads\/2023\/11\/Geistliche_Begleitung-768x512.jpg 768w, https:\/\/bewusstes-sein.me\/wp-content\/uploads\/2023\/11\/Geistliche_Begleitung-1536x1024.jpg 1536w, https:\/\/bewusstes-sein.me\/wp-content\/uploads\/2023\/11\/Geistliche_Begleitung-2048x1365.jpg 2048w, https:\/\/bewusstes-sein.me\/wp-content\/uploads\/2023\/11\/Geistliche_Begleitung-930x620.jpg 930w\" sizes=\"auto, (max-width: 2121px) 100vw, 2121px\" \/><\/figure>\n<\/div>\n\n\n\n<div class=\"wp-block-column is-vertically-aligned-top has-small-font-size is-layout-flow wp-block-column-is-layout-flow\" style=\"flex-basis:50%\">\n<div style=\"height:20px\" aria-hidden=\"true\" class=\"wp-block-spacer\"><\/div>\n\n\n\n<p class=\"has-text-align-left\" id=\"Begleitung\" style=\"font-size:26px\">Geistliche Begleitung \u2013 <br>auf Deinem Weg zum Himmel in Dir<\/p>\n\n\n\n<p class=\"has-text-align-left has-medium-font-size\">\u201eBewahre in allen Dingen die Freiheit des Geistes, und sieh zu, wohin er dich f\u00fchrt.\u201c <br>(Ignatius von Loyola)<\/p>\n\n\n\n<div style=\"height:20px\" aria-hidden=\"true\" class=\"wp-block-spacer\"><\/div>\n\n\n\n<div class=\"wp-block-buttons is-content-justification-left is-layout-flex wp-container-core-buttons-is-layout-fdcfc74e wp-block-buttons-is-layout-flex\">\n<div class=\"wp-block-button is-style-default\"><a class=\"wp-block-button__link has-neve-text-color-background-color has-background wp-element-button\" href=\"https:\/\/bewusstes-sein.me\/?page_id=449\" style=\"border-radius:31px\">Details<\/a><\/div>\n<\/div>\n<\/div>\n<\/div>\n\n\n\n<div class=\"wp-block-columns are-vertically-aligned-top is-layout-flex wp-container-core-columns-is-layout-9d6595d7 wp-block-columns-is-layout-flex\">\n<div class=\"wp-block-column is-vertically-aligned-top has-small-font-size is-layout-flow wp-block-column-is-layout-flow\" style=\"flex-basis:70%\">\n<figure class=\"wp-block-image size-full\"><img loading=\"lazy\" decoding=\"async\" width=\"1920\" height=\"1275\" src=\"https:\/\/bewusstes-sein.me\/wp-content\/uploads\/2023\/11\/Vortrag.jpg\" alt=\"\" class=\"wp-image-453\" srcset=\"https:\/\/bewusstes-sein.me\/wp-content\/uploads\/2023\/11\/Vortrag.jpg 1920w, https:\/\/bewusstes-sein.me\/wp-content\/uploads\/2023\/11\/Vortrag-300x199.jpg 300w, https:\/\/bewusstes-sein.me\/wp-content\/uploads\/2023\/11\/Vortrag-1024x680.jpg 1024w, https:\/\/bewusstes-sein.me\/wp-content\/uploads\/2023\/11\/Vortrag-768x510.jpg 768w, https:\/\/bewusstes-sein.me\/wp-content\/uploads\/2023\/11\/Vortrag-1536x1020.jpg 1536w\" sizes=\"auto, (max-width: 1920px) 100vw, 1920px\" \/><\/figure>\n<\/div>\n\n\n\n<div class=\"wp-block-column is-vertically-aligned-top has-small-font-size is-layout-flow wp-block-column-is-layout-flow\" style=\"flex-basis:50%\">\n<div style=\"height:20px\" aria-hidden=\"true\" class=\"wp-block-spacer\"><\/div>\n\n\n\n<p class=\"has-text-align-right\" id=\"Vortrag\" style=\"font-size:26px\">Vortr\u00e4ge \u2013<br>Perspektivwechsel im Glauben<\/p>\n\n\n\n<p class=\"has-text-align-right has-medium-font-size\">\u201eEin Christ steht nicht im Worden Sein, sondern im Werden \u2026 Darum, wer ein Christ ist, der ist kein Christ, d. h. wer da meinet er sei schon ein Christ geworden, der ist nichts.\u201c<br>(Martin Luther)<\/p>\n\n\n\n<div style=\"height:20px\" aria-hidden=\"true\" class=\"wp-block-spacer\"><\/div>\n\n\n\n<div class=\"wp-block-buttons is-content-justification-right is-layout-flex wp-container-core-buttons-is-layout-765c4724 wp-block-buttons-is-layout-flex\">\n<div class=\"wp-block-button is-style-default\"><a class=\"wp-block-button__link has-neve-text-color-background-color has-background wp-element-button\" href=\"https:\/\/bewusstes-sein.me\/?page_id=455\" style=\"border-radius:31px\">Details<\/a><\/div>\n<\/div>\n<\/div>\n<\/div>\n\n\n\n<div style=\"height:50px\" aria-hidden=\"true\" class=\"wp-block-spacer\"><\/div>\n\n\n\n<div class=\"wp-block-group has-background is-vertical is-content-justification-left is-nowrap is-layout-flex wp-container-core-group-is-layout-e95b0813 wp-block-group-is-layout-flex\" style=\"background-color:#6db4bf9e\">\n<div style=\"height:0px\" aria-hidden=\"true\" class=\"wp-block-spacer wp-container-content-28f0cd9b\"><\/div>\n\n\n\n<h2 class=\"wp-block-heading has-text-align-left\" id=\"UeberUns\">\u00dcber uns<\/h2>\n\n\n\n<div style=\"height:0px\" aria-hidden=\"true\" class=\"wp-block-spacer wp-container-content-62aae154\"><\/div>\n<\/div>\n\n\n\n<div class=\"wp-block-group has-background is-vertical is-content-justification-center is-layout-flex wp-container-core-group-is-layout-4b2eccd6 wp-block-group-is-layout-flex\" style=\"background-color:#6db4bf9e\">\n<p class=\"has-text-align-center\"> <img loading=\"lazy\" decoding=\"async\" width=\"1024\" height=\"669\" class=\"wp-image-350\" style=\"width: 1024px;\" src=\"https:\/\/bewusstes-sein.me\/wp-content\/uploads\/2023\/03\/Regenbogen_getrennt5.jpg\" alt=\"\" srcset=\"https:\/\/bewusstes-sein.me\/wp-content\/uploads\/2023\/03\/Regenbogen_getrennt5.jpg 1024w, https:\/\/bewusstes-sein.me\/wp-content\/uploads\/2023\/03\/Regenbogen_getrennt5-300x196.jpg 300w, https:\/\/bewusstes-sein.me\/wp-content\/uploads\/2023\/03\/Regenbogen_getrennt5-768x502.jpg 768w\" sizes=\"auto, (max-width: 1024px) 100vw, 1024px\" \/><\/p>\n<\/div>\n\n\n\n<div class=\"wp-block-group has-background is-vertical is-content-justification-center is-layout-flex wp-container-core-group-is-layout-4b2eccd6 wp-block-group-is-layout-flex\" style=\"background-color:#6db4bf9e\">\n<p class=\"has-background\" style=\"background-color:#6db4bf00\">Da sind wir: zwei Menschen unterm Regenbogen \u00fcber den Wiesen von Sk\u00e4\u00dfchen \u2013 ein Schnappschuss vom 22.&nbsp;September 2022. Und zugleich ein Sinnbild unseres Da-Seins.<br><br>Zwei Menschen \u2013 getragen von der Vision, all denen zu dienen, die sich auf den Weg machen, den Himmel in sich zu entdecken, d.h. zu dem Menschen zu werden, der sie in Wahrheit sind.<br><br>Wir, das sind Sabine Henkel und Andres Stra\u00dfberger, zwei, die sich nach vielen Umwegen getroffen und entschlossen haben, ihren Weg gemeinsam zu gehen \u2013 f\u00fcr sich und f\u00fcr andere.<\/p>\n\n\n\n<div class=\"wp-block-columns is-layout-flex wp-container-core-columns-is-layout-9d6595d7 wp-block-columns-is-layout-flex\">\n<div class=\"wp-block-column is-layout-flow wp-block-column-is-layout-flow\" style=\"flex-basis:400px\"><div class=\"wp-block-image\">\n<figure class=\"aligncenter size-full is-resized\"><img loading=\"lazy\" decoding=\"async\" width=\"350\" height=\"519\" src=\"https:\/\/bewusstes-sein.me\/wp-content\/uploads\/2023\/11\/Sabine-Portrait.jpg\" alt=\"\" class=\"wp-image-443\" style=\"width:350px;height:519px\" srcset=\"https:\/\/bewusstes-sein.me\/wp-content\/uploads\/2023\/11\/Sabine-Portrait.jpg 350w, https:\/\/bewusstes-sein.me\/wp-content\/uploads\/2023\/11\/Sabine-Portrait-202x300.jpg 202w\" sizes=\"auto, (max-width: 350px) 100vw, 350px\" \/><\/figure>\n<\/div><\/div>\n\n\n\n<div class=\"wp-block-column is-layout-flow wp-block-column-is-layout-flow\">\n<div class=\"wp-block-group is-vertical is-layout-flex wp-container-core-group-is-layout-8cf370e7 wp-block-group-is-layout-flex\">\n<p>Sabine (geb. 1968) sagt \u00fcber sich: &#8222;Das Auf und Ab des Lebens hat mich f\u00f6rmlich dazu gezwungen, all meine Konditionierungen zu hinterfragen und hinter mir zu lassen \u2013 mich selbst zu suchen und zu finden. Auf dem Weg nach Innen habe ich Menschen getroffen, die mich mit ihren Methoden zur Selbsterkenntnis inspiriert haben und von denen ich viel \u00fcber mein wahres Selbst lernen konnte. Ich habe eine abgeschlossene Ausbildung als Familienaufstellerin bei Johannes Schmidt sowie in analytischer Traumarbeit bei Maria Schunk-Warning. Au\u00dferdem bin ich ganzheitliche Gesundheitsberaterin nach Dr. R\u00fcdiger Dahlke und zertifizierte Atemp\u00e4dagogin. Es ist mir eine Freude und Herzensangelegenheit, Menschen dabei zu unterst\u00fctzen, ihr Potential zu entdecken und f\u00fcr ihren pers\u00f6nlichen Lebensweg nutzbar zu machen.&#8220;<\/p>\n\n\n\n<p>Mein Motto:<br><strong>&#8222;Man sieht nur mit dem Herzen gut. Das Wesentliche ist f\u00fcr die Augen unsichtbar.&#8220;<\/strong> (Antoine de Saint-Exup\u00e9ry)<\/p>\n<\/div>\n<\/div>\n<\/div>\n\n\n\n<div style=\"height:0px\" aria-hidden=\"true\" class=\"wp-block-spacer wp-container-content-28f0cd9b\"><\/div>\n\n\n\n<div class=\"wp-block-columns is-layout-flex wp-container-core-columns-is-layout-9d6595d7 wp-block-columns-is-layout-flex\">\n<div class=\"wp-block-column is-layout-flow wp-block-column-is-layout-flow\" style=\"flex-basis:400px\"><div class=\"wp-block-image\">\n<figure class=\"aligncenter size-full is-resized\"><img loading=\"lazy\" decoding=\"async\" width=\"700\" height=\"1024\" src=\"https:\/\/bewusstes-sein.me\/wp-content\/uploads\/2023\/02\/Andres_1024.jpg\" alt=\"\" class=\"wp-image-174\" style=\"width:350px;height:512px\" srcset=\"https:\/\/bewusstes-sein.me\/wp-content\/uploads\/2023\/02\/Andres_1024.jpg 700w, https:\/\/bewusstes-sein.me\/wp-content\/uploads\/2023\/02\/Andres_1024-205x300.jpg 205w\" sizes=\"auto, (max-width: 700px) 100vw, 700px\" \/><\/figure>\n<\/div><\/div>\n\n\n\n<div class=\"wp-block-column is-layout-flow wp-block-column-is-layout-flow\">\n<div class=\"wp-block-group is-vertical is-layout-flex wp-container-core-group-is-layout-8cf370e7 wp-block-group-is-layout-flex\">\n<p class=\"has-text-align-left\">Andres (geb. 1968) hat Evangelische Theologie studiert und wurde im Fach Kirchengeschichte promoviert. Er sagt \u00fcber sich: &#8222;Eine Lebenskrise und ein Herzinfarkt haben mich vor ein paar Jahren dazu gen\u00f6tigt, meinen Lebenszug auf ein anderes Gleis zu setzen. Dazu musste ich anhalten, in mich gehen und mich neu ausrichten. Die Stille wurde mir zum Erfahrungsraum meiner selbst. Ich habe seitdem eine Seelsorgeausbildung (Grundkurs KSA) und eine Ausbildung in Geistlicher Begleitung &amp; christlicher Meditation (EKBO, Kloster Lehnin) absolviert; au\u00dferdem bin ich ehrenamtlicher Hospizbegleiter und sammelte mehrj\u00e4hrige Erfahrungen als Seelsorger in einem station\u00e4ren Hospiz. Mit Begeisterung begleite ich Menschen auf dem Weg zu sich selbst.&#8220;<\/p>\n\n\n\n<p class=\"has-text-align-left\">Mein Motto:<br><strong>&#8222;Immer ist die wichtigste Stunde die gegenw\u00e4rtige; immer ist der wichtigste Mensch, der dir gerade gegen\u00fcber steht; immer ist die wichtigste Tat die Liebe.&#8220;<\/strong> (Meister Eckhart)<\/p>\n<\/div>\n<\/div>\n<\/div>\n\n\n\n<div style=\"height:0px\" aria-hidden=\"true\" class=\"wp-block-spacer wp-container-content-28f0cd9b\"><\/div>\n<\/div>\n\n\n\n<p><\/p>\n\n\n\n<h2 class=\"wp-block-heading\" id=\"Seminarort\">Seminarort<\/h2>\n\n\n\n<p class=\"has-text-align-center\">&#8222;<em>Hier bin ich Mensch, hier darf ich sein!<\/em>&#8220; <br>(Johann Wolfgang von Goethe)<\/p>\n\n\n\n<p>Herzlich willkommen im ehemaligen Pfarrhaus in Sk\u00e4\u00dfchen! Hier ist der Ort, an dem wir leben und f\u00fcr die Zeit deines Hier-Seins dein Raum f\u00fcr Selbsterfahrung und Entwicklung.<\/p>\n\n\n\n\n\n\n<div style=\"height:40px\" aria-hidden=\"true\" class=\"wp-block-spacer\"><\/div>\n\n\n\n<p>Sk\u00e4\u00dfchen ist ein kleines Dorf in der N\u00e4he von Gro\u00dfenhain. Es liegt eingebettet in Wiesen und Felder. Der gro\u00dfe Pfarrgarten mit altem Baumbestand l\u00e4dt vor allem bei sch\u00f6nem Wetter zum Verweilen ein.<\/p>\n\n\n\n<p>Wenn du mit \u00f6ffentlichen Verkehrsmitteln unterwegs bist, erreichst du uns mit der Bahn \u00fcber Gro\u00dfenhain-Cottbuser Bhf. und Bus (Linie 454, Haltestelle Sk\u00e4\u00dfchen Kirche). Gerne halten wir auch nach einer Mitfahrgelegenheit f\u00fcr dich Ausschau.<\/p>\n\n\n\n<div class=\"wp-block-columns is-layout-flex wp-container-core-columns-is-layout-9d6595d7 wp-block-columns-is-layout-flex\">\n<div class=\"wp-block-column is-layout-flow wp-block-column-is-layout-flow\">\n<p>Adresse:<br>Alte Hauptstra\u00dfe 23<br>01561 Gro\u00dfenhain, OT Sk\u00e4\u00dfchen<\/p>\n<\/div>\n\n\n\n<div class=\"wp-block-column is-layout-flow wp-block-column-is-layout-flow\"><link rel='stylesheet' id='osm-ol3-css-css' href='https:\/\/bewusstes-sein.me\/wp-content\/plugins\/osm\/js\/OL\/10.9.0\/ol.css?ver=6.9.4' media='all' \/>\n<link rel='stylesheet' id='osm-ol3-ext-css-css' href='https:\/\/bewusstes-sein.me\/wp-content\/plugins\/osm\/css\/osm_map_v3.css?ver=6.9.4' media='all' \/>\n<link rel='stylesheet' id='osm-map-css-css' href='https:\/\/bewusstes-sein.me\/wp-content\/plugins\/osm\/css\/osm_map.css?ver=6.9.4' media='all' \/>\n<!--n2css--><!--n2js--><script src=\"https:\/\/bewusstes-sein.me\/wp-includes\/js\/dist\/vendor\/wp-polyfill.min.js?ver=3.15.0\" id=\"wp-polyfill-js\"><\/script>\n<script src=\"https:\/\/bewusstes-sein.me\/wp-content\/plugins\/osm\/js\/OL\/10.9.0\/ol.js?ver=10.9.0\" id=\"osm-ol3-library-js\"><\/script>\n<script src=\"https:\/\/bewusstes-sein.me\/wp-content\/plugins\/osm\/js\/osm-v3-plugin-lib.js?ver=1.0.0\" id=\"osm-ol3-ext-library-js\"><\/script>\n<script src=\"https:\/\/bewusstes-sein.me\/wp-content\/plugins\/osm\/js\/osm-metabox-events.js?ver=1.0.0\" id=\"osm-ol3-metabox-events-js\"><\/script>\n<script src=\"https:\/\/bewusstes-sein.me\/wp-includes\/js\/jquery\/jquery.min.js?ver=3.7.1\" id=\"jquery-core-js\"><\/script>\n<script src=\"https:\/\/bewusstes-sein.me\/wp-includes\/js\/jquery\/jquery-migrate.min.js?ver=3.4.1\" id=\"jquery-migrate-js\"><\/script>\n<script id=\"osm-map-startup-js-extra\">\nvar translations = {\"openlayer\":\"open layer\",\"openlayerAtStartup\":\"open layer at startup\",\"generateLink\":\"link to this map with opened layers\",\"shortDescription\":\"short description\",\"generatedShortCode\":\"to get a text control link paste this code in your wordpress editor\",\"closeLayer\":\"close layer\",\"cantGenerateLink\":\"put this string in the existing map short code to control this map\"};\n\/\/# sourceURL=osm-map-startup-js-extra\n<\/script>\n<script src=\"https:\/\/bewusstes-sein.me\/wp-content\/plugins\/osm\/js\/osm-startup-lib.js?ver=V6.2.5\" id=\"osm-map-startup-js\"><\/script>\n\n        <div id=\"map_ol3js_1\"\n       class=\"osm-map-container undefined\"\n             data-map_name=\"undefined\"\n             data-map=\"map_ol3js_1\"\n             data-autoshow=\"no\"\n             style=\"width:95%;\n                    max-width:100%;\n                    height:450px;\n                    display:block;\n                    overflow:hidden;\n                    border:thin solid black;\n                    position: relative;\">\n          <div id=\"map_ol3js_1_popup\" class=\"ol-popup\">\n            <a href=\"#\" id=\"map_ol3js_1_popup-closer\" class=\"ol-popup-closer\"><\/a>\n            <div id=\"map_ol3js_1_popup-content\"><\/div>\n          <\/div>\n        <\/div>\n    <script type=\"text\/javascript\">\n\t\t\t  vectorM['map_ol3js_1'] = [];\n\t        \n        var raster = getTileLayer(\"osm\",\"NoKey\");\t\t\t\n\n\t\t\t  var map_ol3js_1 = new ol.Map({\n\t\t\t\tinteractions: ol.interaction.defaults.defaults({mouseWheelZoom:false}),\n\t\t\t\tlayers: [raster],\n\t\t\t\ttarget: \"map_ol3js_1\",\n\t\t\t\tview: new ol.View({\n\t\t\t\t  center: ol.proj.transform([13.5454,51.3101], \"EPSG:4326\", \"EPSG:3857\"),\n\t\t\t\t  zoom: 9.1\n\t\t\t\t})\n\t\t\t  });\n\t\t\t  osm_addMarkerLayer(map_ol3js_1,13.5853,51.3388,\"https:\/\/bewusstes-sein.me\/wp-content\/plugins\/osm\/icons\/mic_black_heart_01.png\",-16,-41,\"<p><\/p>\") ; \naddControls2Map(map_ol3js_1,0,0,3,0,5,6,7,0,1);\nosm_addPopupClickhandler(map_ol3js_1,  \"map_ol3js_1\"); \nosm_addMouseHover(map_ol3js_1); <\/script>\n<\/div>\n<\/div>\n","protected":false},"excerpt":{"rendered":"<p>Unsere Angebote Tag f\u00fcr die Seele \u2013 Atem, Stille, Kontemplation &#8222;Die gr\u00f6\u00dfte Offenbarung ist die Stille.&#8220; (Laotse) Nikodemus-Seminar \u2013 eine Reise zum Anfang deines Lebens &#8222;Deine leibliche Geburt ist nicht alles. &#8230; Deine ewige Geburt musst du erfahren. Deine Geburt aus Gott. Dein wahres Leben.&#8220; (Willigis J\u00e4ger) Systemische Aufstellungen \u2013 Lebensblockaden erkennen und aufl\u00f6sen &#8222;Deine&hellip;&nbsp;<a href=\"https:\/\/bewusstes-sein.me\/\" rel=\"bookmark\">Weiterlesen &raquo;<span class=\"screen-reader-text\">Startseite<\/span><\/a><\/p>\n","protected":false},"author":1,"featured_media":0,"parent":0,"menu_order":0,"comment_status":"closed","ping_status":"closed","template":"","meta":{"neve_meta_sidebar":"","neve_meta_container":"default","neve_meta_enable_content_width":"off","neve_meta_content_width":70,"neve_meta_title_alignment":"","neve_meta_author_avatar":"","neve_post_elements_order":"","neve_meta_disable_header":"","neve_meta_disable_footer":"","neve_meta_disable_title":"on","footnotes":""},"class_list":["post-34","page","type-page","status-publish","hentry"],"_links":{"self":[{"href":"https:\/\/bewusstes-sein.me\/index.php?rest_route=\/wp\/v2\/pages\/34","targetHints":{"allow":["GET"]}}],"collection":[{"href":"https:\/\/bewusstes-sein.me\/index.php?rest_route=\/wp\/v2\/pages"}],"about":[{"href":"https:\/\/bewusstes-sein.me\/index.php?rest_route=\/wp\/v2\/types\/page"}],"author":[{"embeddable":true,"href":"https:\/\/bewusstes-sein.me\/index.php?rest_route=\/wp\/v2\/users\/1"}],"replies":[{"embeddable":true,"href":"https:\/\/bewusstes-sein.me\/index.php?rest_route=%2Fwp%2Fv2%2Fcomments&post=34"}],"version-history":[{"count":165,"href":"https:\/\/bewusstes-sein.me\/index.php?rest_route=\/wp\/v2\/pages\/34\/revisions"}],"predecessor-version":[{"id":516,"href":"https:\/\/bewusstes-sein.me\/index.php?rest_route=\/wp\/v2\/pages\/34\/revisions\/516"}],"wp:attachment":[{"href":"https:\/\/bewusstes-sein.me\/index.php?rest_route=%2Fwp%2Fv2%2Fmedia&parent=34"}],"curies":[{"name":"wp","href":"https:\/\/api.w.org\/{rel}","templated":true}]}}